{"id":2299,"date":"2019-04-15T23:17:50","date_gmt":"2019-04-16T02:17:50","guid":{"rendered":"http:\/\/univinte.edu.br\/portal\/index.php\/uniedu\/"},"modified":"2019-04-15T23:17:50","modified_gmt":"2019-04-16T02:17:50","slug":"uniedu","status":"publish","type":"page","link":"https:\/\/univinte.edu.br\/portal\/uniedu\/","title":{"rendered":"UNIEDU"},"content":{"rendered":"<p><img width=\\\"1920\\\" height=\\\"600\\\" src=\\\"https:\/\/www.fucap.edu.br\/wp\/wp-content\/uploads\/2019\/04\/bolsas-e-financiamentos2-2.jpg\\\" alt=\\\"\\\" loading=\\\"lazy\\\" srcset=\\\"https:\/\/i0.wp.com\/www.fucap.edu.br\/wp\/wp-content\/uploads\/2019\/04\/bolsas-e-financiamentos2-2.jpg?w=1920&amp;ssl=1 1920w, https:\/\/i0.wp.com\/www.fucap.edu.br\/wp\/wp-content\/uploads\/2019\/04\/bolsas-e-financiamentos2-2.jpg?resize=300%2C94&amp;ssl=1 300w, https:\/\/i0.wp.com\/www.fucap.edu.br\/wp\/wp-content\/uploads\/2019\/04\/bolsas-e-financiamentos2-2.jpg?resize=768%2C240&amp;ssl=1 768w, https:\/\/i0.wp.com\/www.fucap.edu.br\/wp\/wp-content\/uploads\/2019\/04\/bolsas-e-financiamentos2-2.jpg?resize=1024%2C320&amp;ssl=1 1024w\\\" sizes=\\\"(max-width: 1920px) 100vw, 1920px\\\" \/>\t\t\t\t\t\t\t\t\t\t\t\t\t\t<\/p>\n<h2>UNIEDU &#8211; Programa de Bolsas Universit\u00e1rias de Santa Catarina<\/h2>\n<p>\t\t\t\t\t\t\t\t\t\t\t\t<img width=\\\"281\\\" height=\\\"237\\\" src=\\\"https:\/\/www.fucap.edu.br\/wp\/wp-content\/uploads\/2019\/04\/LOGOcolorPequena.png\\\" alt=\\\"\\\" loading=\\\"lazy\\\" \/><br \/>\n\t\t\t\t\t\t\t\t\t\t\t\t<img width=\\\"120\\\" height=\\\"130\\\" src=\\\"https:\/\/www.fucap.edu.br\/wp\/wp-content\/uploads\/2019\/08\/logo_sed.jpg\\\" alt=\\\"\\\" loading=\\\"lazy\\\" \/><br \/>\n\t\t\t\t\t\t\t\t\t\t\t\t<img width=\\\"150\\\" height=\\\"150\\\" src=\\\"https:\/\/www.fucap.edu.br\/wp\/wp-content\/uploads\/2019\/08\/concurso-sed-sc-150x150.jpg\\\" alt=\\\"\\\" loading=\\\"lazy\\\" srcset=\\\"https:\/\/i0.wp.com\/www.fucap.edu.br\/wp\/wp-content\/uploads\/2019\/08\/concurso-sed-sc.jpg?resize=150%2C150&amp;ssl=1 150w, https:\/\/i0.wp.com\/www.fucap.edu.br\/wp\/wp-content\/uploads\/2019\/08\/concurso-sed-sc.jpg?zoom=2&amp;resize=150%2C150&amp;ssl=1 300w, https:\/\/i0.wp.com\/www.fucap.edu.br\/wp\/wp-content\/uploads\/2019\/08\/concurso-sed-sc.jpg?zoom=3&amp;resize=150%2C150&amp;ssl=1 450w\\\" sizes=\\\"(max-width: 150px) 100vw, 150px\\\" \/>\t\t\t\t\t\t\t\t\t\t\t\t\t\t<\/p>\n<p align=\\\"JUSTIFY\\\">O Governo do Estado de Santa Catarina, decreta e sanciona as\u00a0<a href=\\\"\/\/www.fucap.edu.br\/arquivo\/lei_complementar.pdf\\\"><strong>Leis Complementares n\u00ba 281\/2005, n\u00ba296\/2005 e n\u00ba420\/2008<\/strong><\/a>\u00a0que regulamenta o\u00a0<strong>ARTIGO<\/strong><strong>170<\/strong>. Cria-se ent\u00e3o, o Programa de Bolsas Universit\u00e1rias de Santa Catarina &#8211;<strong>\u00a0UNIEDU<\/strong>, um programa executado pela Secretaria da Educa\u00e7\u00e3o, que agrega todos os programas de atendimento aos estudantes da educa\u00e7\u00e3o superior, fundamentados pelos\u00a0<strong>Artigos 170 e 171<\/strong>\u00a0da Constitui\u00e7\u00e3o Estadual e pela lei do Fundo Social.<\/p>\n<p align=\\\"JUSTIFY\\\">As Bolsas do\u00a0<strong>UNIEDU<\/strong>\u00a0favorecem a inclus\u00e3o de jovens no Ensino Superior com dificuldades de realizar os seus estudos, e que atendem aos requisitos estabelecidos na regulamenta\u00e7\u00e3o dos programas, com objetivo de conceder<strong>\u00a0BOLSAS DE ESTUDO\u00a0<\/strong>para acad\u00eamicos economicamente carentes e <strong>BOLSAS DE PESQUISA\u00a0<\/strong>para acad\u00eamicos interessados em desenvolver projetos de inicia\u00e7\u00e3o cient\u00edfica e extens\u00e3o, matriculados em cursos de gradua\u00e7\u00e3o e p\u00f3s-gradua\u00e7\u00e3o presenciais, nas institui\u00e7\u00f5es de ensino superior habilitadas pelo MEC ou pelo Conselho Estadual de Educa\u00e7\u00e3o e cadastradas na Secretaria de Estado da Educa\u00e7\u00e3o de Santa Catarina para participarem do Programa\u00a0<strong>UNIEDU<\/strong>, no site (<a href=\\\"https:\/\/www.fucap.edu.br\/uniedu\/uniedu.php\\\"><strong>Clique AQUI!<\/strong><\/a>). O estudante que for beneficiado com a Bolsa de Estudo (25% a 100%) ou de Bolsa de Pesquisa (100%), passar\u00e1 por uma avalia\u00e7\u00e3o do seu grau de car\u00eancia, atrav\u00e9s de entrevistas e visitas t\u00e9cnicas, com a supervis\u00e3o de uma <a href=\\\"\/\/www.fucap.edu.br\/arquivo\/comisaotecnica.pdf\\\">Comiss\u00e3o T\u00e9cnica<\/a> e <a href=\\\"\/\/www.fucap.edu.br\/arquivo\/comisaofiscalizadora.pdf\\\">Fiscalizadora<\/a> constitu\u00edda no \u00e2mbito de cada IES. Com a obten\u00e7\u00e3o ou a renova\u00e7\u00e3o da Bolsa de Estudo o aluno beneficiado ficar\u00e1 vinculado a participa\u00e7\u00e3o em programas e projetos sociais, com vis\u00e3o educativa, comprovando 20(vinte) horas semestrais. Para o estudante fazer a inscri\u00e7\u00e3o para as Bolsas, basta acessar o site (<b><a href=\\\"https:\/\/www.fucap.edu.br\/uniedu\/estudante.php\\\">Clique AQUI!<\/a><\/b>)<strong>,\u00a0<\/strong>e preencher o Formul\u00e1rio.<\/p>\n<p align=\\\"JUSTIFY\\\">Saiba mais, consultando o\u00a0<strong><a href=\\\"\/\/www.fucap.edu.br\/arquivo\/guia.pdf\\\" target=\\\"_blank\\\" rel=\\\"noopener\\\">GUIA DE ORIENTA\u00c7\u00d5ES DO BOLSISTA UNIEDU<\/a><\/strong><\/p>\n<p>Sua informa\u00e7\u00e3o \u00e9 sigilosa e contamos com sua\u00a0<strong>colabora\u00e7\u00e3o para identificar situa\u00e7\u00f5es de irregularidades nas Bolsas de Estudo e Pesquisa<\/strong>, no sentido de averiguar o recebimento indevido do aux\u00edlio e ou benef\u00edcio. O objetivo \u00e9 dar mais transpar\u00eancia ao processo e conceder bolsas aqueles que realmente necessitam.\u00a0<a title=\\\"Denuncia de Bolsa\\\" href=\\\"\/\/www.fucap.edu.br\/portal\/inc_arq_artigo170\/denuncias.php\\\" target=\\\"_blank\\\" rel=\\\"noopener\\\">CLIQUE AQUI.<\/a><\/p>\n<p style=\\\"margin-bottom: 0cm; color: #000000;\\\" align=\\\"CENTER\\\">Aberta as inscri\u00e7\u00f5es para o UNIEDU \u2013 2022\/01,<\/p>\n<p>CRONOGRAMA<\/p>\n<ul>\n<li style=\\\"color: #000000; margin-left: 15px;\\\">\n<p style=\\\"margin-bottom: 0cm;\\\" align=\\\"JUSTIFY\\\"><b>24\/01\/2022 at\u00e9 14\/02\/2022 &#8211; <\/b>o Sistema UNIEDU ficar\u00e1 aberto para alunos realizarem o primeiro<b>\u00a0<\/b>Cadastramento\/Recadastramento no site:<b>\u00a0(<a style=\\\"color: #1155cc;\\\" href=\\\"http:\/\/bolsasuniedu.sed.sc.gov.br\/\\\" target=\\\"_blank\\\" rel=\\\"noopener\\\" data-saferedirecturl=\\\"https:\/\/www.google.com\/url?q=http:\/\/bolsasuniedu.sed.sc.gov.br\/&amp;source=gmail&amp;ust=1598555789867000&amp;usg=AFQjCNE3InK-1gxg_-rD2kA7v3pdbTTZ3Q\\\">http:\/\/bolsasuniedu.sed.sc.<wbr \/>gov.br\/<\/a>);<\/b><\/p>\n<p>\u00a0<\/p>\n<p style=\\\"margin-bottom: 0px;\\\">\u00a0<\/p>\n<\/li>\n<li style=\\\"margin-left: 15px;\\\">\n<h2 style=\\\"text-align: justify; font-style: normal; font-variant-ligatures: normal; font-variant-caps: normal; margin-top: 0.5em; margin-bottom: 0.5em; font-weight: bold;\\\">De 15\/02 a 08\/03:\u00a0<\/h2>\n<ul style=\\\"font-family: \\'Segoe UI\\', Arial, Helvetica, sans-serif; font-size: 14.4px; font-weight: 400; margin-top: 10px; margin-bottom: 10px; margin-left: 0px;\\\">\n<li style=\\\"margin: 5px 20px !important; line-height: 20px; list-style: unset !important;\\\">\n<p>Renova\u00e7\u00f5es das bolsas (Menu Comprovantes);\u00a0<\/p>\n<\/li>\n<li style=\\\"margin: 5px 20px !important; line-height: 20px; list-style: unset !important;\\\">\n<p>Novos Cadastros\/Recadastrados (Menu Fazer cadastro\/Alterar Cadastro);<\/p>\n<\/li>\n<\/ul>\n<p>\u00a0<\/p>\n<h2 style=\\\"font-family: Titillium, Arial, Helvetica, sans-serif; font-size: 17px; font-weight: bold; margin-top: 0.5em; margin-bottom: 0.5em;\\\">De 28\/03 a 13\/04:\u00a0<\/h2>\n<\/li>\n<li style=\\\"margin-left: 15px;\\\">\n<ul style=\\\"color: #000000; font-family: \\'Segoe UI\\', Arial, Helvetica, sans-serif; font-size: 14.4px; margin-top: 10px; margin-bottom: 10px; margin-left: 0px; font-weight: 400;\\\">\n<li style=\\\"line-height: 20px; font-size: 14.4px; margin: 5px 20px !important; list-style: unset !important;\\\">\n<p>2\u00aa chamada: Novos Cadastros\/Recadastro, Consultas e Assinaturas (Impress\u00e3o de Cadastro, Aceite\/CAFE e Recibos Mensais);<\/p>\n<\/li>\n<li style=\\\"line-height: 20px; font-size: 14.4px; margin: 5px 20px !important; list-style: unset !important;\\\">\n<p>Renova\u00e7\u00f5es das Bolsas (Menu comprovantes).<\/p>\n<\/li>\n<\/ul>\n<h5>Aten\u00e7\u00e3o: Alunos que possuem possibilidade de Renova\u00e7\u00e3o dever\u00e3o realizar os tr\u00e2mites no sistema at\u00e9 a data de 13\/04\/2022. Ap\u00f3s esta data, o estudante perde o direito de renova\u00e7\u00e3o.\u00a0<\/h5>\n<\/li>\n<\/ul>\n<p>\u00a0<\/p>\n<ul>\n<li style=\\\"margin-left: 15px;\\\">\n<p style=\\\"margin-bottom: 0cm;\\\" align=\\\"JUSTIFY\\\">O aluno que se inscreveu NO SEMESTRE DE 2022\/01, dever\u00e1 refazer seu cadastro com muita aten\u00e7\u00e3o na hora de preencher os dados, pois se estiver alguma informa\u00e7\u00e3o incorreta e o aluno n\u00e3o conseguir comprovar, o mesmo ser\u00e1 desclassificado;<\/p>\n<p>\u00a0<\/p>\n<p style=\\\"margin-bottom: 0px;\\\">\u00a0<\/p>\n<\/li>\n<li style=\\\"margin-left: 15px;\\\">\n<p style=\\\"margin-bottom: 0cm; font-weight: normal;\\\" align=\\\"JUSTIFY\\\">O Aluno precisa estar regularmente matriculado na FUCAP em curso de Gradua\u00e7\u00e3o no semestre de 2022\/01;<\/p>\n<p>\u00a0<\/p>\n<p style=\\\"margin-bottom: 0px;\\\">\u00a0<\/p>\n<\/li>\n<li style=\\\"margin-left: 15px;\\\">\n<p style=\\\"margin-bottom: 0cm;\\\" align=\\\"JUSTIFY\\\">Todos os documentos exigidos no preenchimento da sua ficha de inscri\u00e7\u00e3o, para gerar seu IC (\u00edndice de car\u00eancia), dever\u00e1 ser anexado\/inserido no pr\u00f3prio sistema do UNIEDU, para comprovar seus dados, de forma leg\u00edvel e vis\u00edvel;<\/p>\n<p>\u00a0<\/p>\n<p style=\\\"margin-bottom: 0px;\\\">\u00a0<\/p>\n<\/li>\n<\/ul>\n<p>\u00a0<\/p>\n<ul style=\\\"color: #000000;\\\">\n<li style=\\\"margin-left: 15px;\\\">\n<p style=\\\"margin-bottom: 0cm;\\\" align=\\\"JUSTIFY\\\">IMPORTANTE LER O EDITAL n\u00ba 033\/2022\u00a0<b>(<a href=\\\"http:\/\/www.fucap.edu.br\/UNIEDU\/EditalArtigo32-2021.pdf\\\">http:\/\/www.fucap.edu.br\/UNIEDU\/EditalArtigo32-2022.pdf<\/a>)<\/b>, para comprova\u00e7\u00e3o de toda documenta\u00e7\u00e3o exigida no Edital e completar seu cadastro socioecon\u00f4mico corretamente;<\/p>\n<\/li>\n<\/ul>\n<p align=\\\"JUSTIFY\\\">Nas datas estabelecidas no cronograma das inscri\u00e7\u00f5es para as BOLSAS do UNIEDU, disponibilizadas pela SED, o candidato no ato da inscri\u00e7\u00e3o, dever\u00e1 anexar de forma on line, todos os documentos exigidos no cadastro de forma leg\u00edvel e vis\u00edvel, caso contr\u00e1rio, o documento ser\u00e1 rejeitado e o aluno precisar\u00e1 atualizar o mesmo, para dar andamento na concess\u00e3o das bolsas<b>:<\/b><\/p>\n<p align=\\\"JUSTIFY\\\"><b>A) PARA COMPROVAR N\u00daMERO DE PESSOAS DO GRUPO FAMILIAR: <\/b><\/p>\n<ul>\n<li>\n<p align=\\\"JUSTIFY\\\">Carteira de identidade(RG) e CPF, e\/ou carteira de Habilita\u00e7\u00e3o (dentro do prazo de validade) do candidato e dos demais componentes do grupo familiar (pais, c\u00f4njuge, filhos, se menor de 18, apresentar a certid\u00e3o de nascimento, documento de tutela, quando for o caso, outros) e para estrangeiros, anexar Registro Nacional Migrat\u00f3rio (RNM); <\/p>\n<\/li>\n<li>\n<p align=\\\"JUSTIFY\\\"><u><b>Situa\u00e7\u00e3o Civil:<\/b><\/u><b> <\/b>se for solteiro: Certid\u00e3o de nascimento e se for casado: Certid\u00e3o de casamento ou Uni\u00e3o Est\u00e1vel, comprovante de div\u00f3rcio dos pais ou aluno, ou certid\u00e3o de \u00f3bito;<\/p>\n<\/li>\n<li>\n<p align=\\\"JUSTIFY\\\">Separado(a): Averba\u00e7\u00e3o na Certid\u00e3o de Casamento, ou Senten\u00e7a Judicial, ou Acordo Homologado, ou Peti\u00e7\u00e3o, ou Certid\u00e3o da Dissolu\u00e7\u00e3o de Uni\u00e3o Est\u00e1vel, ou Declara\u00e7\u00e3o P\u00fablica da Separa\u00e7\u00e3o. A Declara\u00e7\u00e3o P\u00fablica da Separa\u00e7\u00e3o \u00e9 indicada para as situa\u00e7\u00f5es de separados de fato, mas ainda legalmente casados, ou para quem nunca casou legalmente e n\u00e3o fez Certid\u00e3o P\u00fablica de Uni\u00e3o Est\u00e1vel. Nas declara\u00e7\u00f5es \u00e9 importante informar se h\u00e1 ou n\u00e3o ajuda financeira ou de outro tipo. <\/p>\n<\/li>\n<\/ul>\n<p align=\\\"JUSTIFY\\\"><b>B) <\/b>Comprovante de resid\u00eancia no Estado de Santa Catarina apartir de 2 anos atr\u00e1s (no nome do aluno e ou membro familiar);<\/p>\n<ul>\n<li>\n<p align=\\\"JUSTIFY\\\">Contas de \u00e1gua, g\u00e1s, energia el\u00e9trica, telefone (fixo ou m\u00f3vel), guia ou carn\u00ea de IPTU\/IPVA, fatura de cart\u00e3o de cr\u00e9dito, boleto de mensalidade escolar, plano de sa\u00fade, condom\u00ednio ou financiamento habitacional; Declara\u00e7\u00e3o de Imposto de Renda \u2013 IRPF;<\/p>\n<\/li>\n<\/ul>\n<p align=\\\"JUSTIFY\\\"><b>C) <\/b>Apresentar comprovante em rela\u00e7\u00e3o a moradia de acordo com uma das seguintes condi\u00e7\u00f5es:<\/p>\n<p align=\\\"JUSTIFY\\\"><b>&#8211; Financiada <\/b>&#8211; apresentar as 03(tr\u00eas) \u00faltimas presta\u00e7\u00f5es pagas e contrato de financiamento;<\/p>\n<p align=\\\"JUSTIFY\\\"><b>&#8211; Locada <\/b>&#8211; apresentar os 03(tr\u00eas) \u00faltimos comprovantes de pagamento e o contrato de loca\u00e7\u00e3o em vig\u00eancia e com firma reconhecida em cart\u00f3rio;<\/p>\n<p align=\\\"JUSTIFY\\\"><b>&#8211; Pr\u00f3pria <\/b>&#8211; apresentar a escritura P\u00daBLICA, recibo de compra e venda ou carn\u00ea de IPTU;<\/p>\n<p align=\\\"JUSTIFY\\\"><b>&#8211; Cedida <\/b>&#8211; apresentar declara\u00e7\u00e3o do im\u00f3vel cedido do respectivo propriet\u00e1rio, reconhecida em cart\u00f3rio.<\/p>\n<p align=\\\"JUSTIFY\\\"><b>D) <\/b>Laudo m\u00e9dico atestando a esp\u00e9cie e o grau ou n\u00edvel da defici\u00eancia ou invalidez permanente do pr\u00f3prio candidato, nos termos do art.4\u00ba do Decreto n\u00ba3.298, de 20 de dezembro de 1999, com a reda\u00e7\u00e3o alterada pelo Decreto n\u00ba5.296, 02 de dezembro de 2004, com expressa refer\u00eancia ao c\u00f3digo correspondente da Classifica\u00e7\u00e3o Internacional de Doen\u00e7a(CID), quando for o caso, com validade m\u00e1xima de 6 meses.<\/p>\n<p align=\\\"JUSTIFY\\\"><b>E) <\/b>Documento de atestado m\u00e9dico para comprova\u00e7\u00e3o de doen\u00e7a cr\u00f4nica por meio de laudo m\u00e9dico com expressa refer\u00eancia ao c\u00f3digo correspondente da Classifica\u00e7\u00e3o Internacional de Doen\u00e7a(CID), quando for o caso, e ainda notas fiscais referentes as despesas mensais com medica\u00e7\u00e3o, com validade m\u00e1xima de 6 meses. <\/p>\n<p align=\\\"JUSTIFY\\\"><b>F) <\/b>Comprovantes de despesas especificado na ficha de inscri\u00e7\u00e3o, <b>03 (tr\u00eas) \u00faltimos meses<\/b> (transporte at\u00e9 a Faculdade (se for carro ou moto, Nota fiscal de combust\u00edvel, e se for de \u00f4nibus, Nota fiscal de passe escolar), despesas com farm\u00e1cia (no caso de tratamento com doen\u00e7a cr\u00f4nica), o candidato dever\u00e1 anexar os mesmos comprovantes de despesas que usou na sua inscri\u00e7\u00e3o, a fim de coincidir com os valores informados, referente ao m\u00eas vigente da sua inscri\u00e7\u00e3o.<\/p>\n<p align=\\\"JUSTIFY\\\"><b>G) <\/b>Comprovante de pagamento, <b>03(tr\u00eas)<\/b><b> <\/b><b>\u00faltimos<\/b><b> <\/b><b>meses,<\/b><b> <\/b>de outro membro do grupo familiar com educa\u00e7\u00e3o paga (de ensino fundamental, m\u00e9dio, t\u00e9cnico ou superior), se for o caso;<\/p>\n<p align=\\\"JUSTIFY\\\"><b>H) <\/b>Apresentar a \u00faltima declara\u00e7\u00e3o anual do Imposto de Renda Pessoa F\u00edsica(IRPF), se o candidato ou membro do grupo familiar declarar, dever\u00e1 anexar todas as p\u00e1ginas da declara\u00e7\u00e3o inclusive a folha de resumo e recibo <b>(ano ATUAL)<\/b>, e para quem n\u00e3o declara imposto de renda, devem emitir esta declara\u00e7\u00e3o obtida na internet (<a href=\\\"http:\/\/www.receita.fazenda.gov.br\/Aplicacoes\/Atrjo\/ConsRest\/Atual.app\/paginas\/index.asp\\\"><b>http:\/\/www.receita.fazenda.gov.br\/Aplicacoes\/Atrjo\/ConsRest\/Atual.app\/paginas\/index.asp<\/b><\/a>);<\/p>\n<p align=\\\"JUSTIFY\\\"><b>I) <\/b>Hist\u00f3rico Escolar do Ensino M\u00e9dio, conforme orienta\u00e7\u00e3o: (Ter cursado o Ensino M\u00e9dio em Escola de Rede P\u00fablica, e\/ou em Escola Privada na condi\u00e7\u00e3o de Bolsista Integral, quando for o caso, emitido pela respectiva Institui\u00e7\u00e3o (declara\u00e7\u00e3o do Bolsista), (caso estejam concorrendo para as Bolsas do FUMDES\/ART 171); <\/p>\n<p align=\\\"JUSTIFY\\\"><b>J)<\/b> Boletim Acad\u00eamico do semestre anterior APROVADO (Documento que comprove aprova\u00e7\u00e3o nas disciplinas cursadas no semestre anterior) e Atestado de matricula para alunos Calouros\/Ingressantes (Documento comprovando que voc\u00ea est\u00e1 frequentando\/matriculado em curso de gradua\u00e7\u00e3o de Institui\u00e7\u00e3o de Ensino Superior (IES) devidamente credenciada no UNIEDU); <\/p>\n<p align=\\\"JUSTIFY\\\"><b>K) <\/b>Para preenchimento do cadastro h\u00e1 obrigatoriedade de preencher, em\u00a0<b>Informa\u00e7\u00f5es Gerais<\/b>, o campo\u201c<b>Valor dos bens do Grupo Familiar (m\u00f3veis e im\u00f3veis)\u201d<\/b>, em caso de possuir financiamento de bens m\u00f3veis ou im\u00f3veis, informar\u00a0 somente o valor que est\u00e1 quitado do m\u00f3vel ou im\u00f3vel pois, conforme a Letra d), Item II, \u00a7 5\u00ba, Art. 2\u00ba do Decreto N\u00ba 1.094, de 11 de janeiro de 2021\u201c) documentos de comprova\u00e7\u00e3o do Patrim\u00f4nio Familiar\u00a0<b>(considerando aqui somente o valor j\u00e1 quitado dos bens)<\/b>\u00a0e do Patrim\u00f4nio Empresarial (equivalente \u00e0 participa\u00e7\u00e3o do integrante do grupo familiar no patrim\u00f4nio l\u00edquido da empresa);\u201d<\/p>\n<p align=\\\"JUSTIFY\\\">*A Receita Federal considera como bens: ve\u00edculos (bens m\u00f3veis), im\u00f3veis (casa, terreno, apartamento, entre outros) (independentemente do valor) e bens m\u00f3veis acima de R$ 5 mil, como j\u00f3ias e obras de arte.<\/p>\n<p align=\\\"JUSTIFY\\\"><b>L) <\/b>No campo do cadastro \u201c<b>D\u00edvida com financiamento Habitacional\u201d, <\/b>n\u00e3o h\u00e1 obrigatoriedade de informar o valor, porque este item n\u00e3o est\u00e1 sendo considerado na f\u00f3rmula do \u00cdndice de Car\u00eancia-IC (Portaria n\u00ba 1652\/20). Este item \u00e9 solicitado no cadastro para que a Equipe T\u00e9cnica da IES, respons\u00e1vel, segundo a Lei Complementar 281\/05 e Lei Complementar 407\/05, pela avalia\u00e7\u00e3o do grau de car\u00eancia;<\/p>\n<p align=\\\"JUSTIFY\\\"><u><b>Lembrando que: <\/b><\/u>sinal de aster\u00edstico(*) orienta que h\u00e1 obrigatoriedade de resposta do item, em caso de aus\u00eancia de (*), poder\u00e1 n\u00e3o ser preenchido.<\/p>\n<p align=\\\"JUSTIFY\\\"><b>M)<\/b> Comprova\u00e7\u00e3o de participa\u00e7\u00e3o em Projeto Social com Vis\u00e3o Educativa: Obrigat\u00f3rio para quem recebeu bolsa do Art. 170 Estudo no semestre anterior. (Modelo dispon\u00edvel no sistema) <\/p>\n<p align=\\\"JUSTIFY\\\"><b>N)<\/b> Comprova\u00e7\u00e3o de participa\u00e7\u00e3o em Pesquisa\/Extens\u00e3o: Obrigat\u00f3rio para quem recebeu bolsa de pesquisa no semestre anterior. (Modelo dispon\u00edvel no sistema) <\/p>\n<p align=\\\"JUSTIFY\\\"><b>O)<\/b> Termo de ades\u00e3o ao programa e projetos de extens\u00e3o de car\u00e1ter social: Obrigat\u00f3rio. Baixe o modelo dispon\u00edvel, preencha de acordo com o solicitado, assine e digitalize para inser\u00e7\u00e3o no sistema. <\/p>\n<p align=\\\"JUSTIFY\\\"><u><b>Nota:<\/b><\/u> <b>Entende<\/b><b>-se<\/b><b> como grupo familiar, al\u00e9m do pr\u00f3prio candidato, o conjunto de pessoas residindo na mesma moradia\/endere\u00e7o que o candidato, e usufruem da mesma renda, ou aqueles que embora n\u00e3o residam, mantenham v\u00ednculo com o candidato em car\u00e1ter de subs\u00eddio financeiro, seja este parcial ou total. Caso o grupo familiar informado se restrinja ao pr\u00f3prio candidato, este dever\u00e1 comprovar percep\u00e7\u00e3o de renda pr\u00f3pria que suporte seus gastos, condizente com seu padr\u00e3o de vida e de consumo, sob pena de reprova\u00e7\u00e3o.<\/b><\/p>\n<p align=\\\"JUSTIFY\\\"><b>Q) PARA COMPROVAR RENDIMENTOS DO CANDIDATO E GRUPO FAMILIAR:<\/b> ser\u00e3o aceitos como comprovantes de rendimentos apenas os seguintes documentos:<\/p>\n<p align=\\\"JUSTIFY\\\"><b>a) *Se assalariado de renda fixa<\/b>: 03(tr\u00eas) \u00faltimos contracheques ou holerite e carteira de Trabalho atualizada ou recibo de sal\u00e1rio completo;<\/p>\n<p align=\\\"JUSTIFY\\\">*<b>Se assalariado e houver pagamento de comiss\u00e3o ou pagamento de horas extras,<\/b> 06(seis) \u00faltimos contracheques;<\/p>\n<p align=\\\"JUSTIFY\\\"><b>b) <\/b>Se trabalhador aut\u00f4nomo, profissional liberal, prestador de servi\u00e7os informal, as guias de recolhimento de INSS dos 03(tr\u00eas) \u00faltimos meses, compat\u00edveis com a renda declarada, ou Declara\u00e7\u00e3o Comprobat\u00f3ria de Percep\u00e7\u00e3o de Rendimentos \u2013 DECORE, original e atual na data corrente, feita por contador ou t\u00e9cnico cont\u00e1bil inscrito no CRC. Ou declara\u00e7\u00e3o de Renda de Aut\u00f4nomo, ou atividade informal, informando a renda m\u00e9dia mensal e a atividade exercida, com data atual e com assinatura do declarante e duas testemunhas, com firma reconhecida em cart\u00f3rio ou Declara\u00e7\u00e3o de IRPF. No caso de <u><b>Agricultor ou Pescador <\/b><\/u>apresentar declara\u00e7\u00e3o de renda m\u00e9dia mensal, emitida pelo sindicato da categoria;<\/p>\n<p align=\\\"JUSTIFY\\\"><b>c) <\/b>Se diretor de empresa, comprovante de pr\u00f3-labore e contrato social com todas altera\u00e7\u00f5es contratuais e \u00faltima Declara\u00e7\u00e3o do Imposto de Renda de Pessoa Jur\u00eddica;<\/p>\n<p align=\\\"JUSTIFY\\\"><b>d) <\/b>Se aposentado, pensionista ou benefici\u00e1rio de aux\u00edlio-doen\u00e7a no INSS, 03(tr\u00eas) \u00faltimos comprovantes de recebimento de aposentadoria ou pens\u00e3o, ou extrato de pagamentos e benef\u00edcios do \u00faltimo 03(tr\u00eas) meses que poder\u00e1 ser extra\u00eddo do site do INSS (<a href=\\\"https:\/\/meu.inss.gov.br\/central\/#\/login?redirectUrl=\/\\\"><b>https:\/\/meu.inss.gov.br\/central\/#\/login?redirectUrl=\/<\/b><\/a>);<\/p>\n<p align=\\\"JUSTIFY\\\"><b>e) <\/b>Se desempregado ou do lar, a c\u00f3pia da baixa na Carteira Profissional e comprovante de seguro desemprego (conforme o caso);<\/p>\n<p align=\\\"JUSTIFY\\\"><b>f) <\/b>Se estagi\u00e1rio, termo de compromisso de est\u00e1gio, comprovando o valor de seu rendimento;<\/p>\n<p align=\\\"JUSTIFY\\\"><b>g) <\/b>Se renda agregada, apresentar declara\u00e7\u00e3o do doador informando o valor doado;<\/p>\n<p align=\\\"JUSTIFY\\\"><b>h) <\/b>Microempreendedor Individual &#8211; MEI: Declara\u00e7\u00e3o de rendimentos mensais, compat\u00edveis com a renda declarada, e declara\u00e7\u00e3o anual do SIMEI.<\/p>\n<p align=\\\"JUSTIFY\\\"><i><u><b>ATEN\u00c7\u00c3O<\/b><\/u><\/i>: <i><u><b>Em todos os casos citados acima<\/b><\/u><\/i>, dever\u00e1 apresentar a <u>Carteira de trabalho<\/u>, de todos os membros do grupo familiar: p\u00e1gina de identifica\u00e7\u00e3o da pessoa (foto), p\u00e1gina da qualifica\u00e7\u00e3o civil, \u00faltima p\u00e1gina que cont\u00e9m contrato de trabalho e a pr\u00f3xima p\u00e1gina em branco, caso a carteira n\u00e3o tenha a baixa, a pessoa n\u00e3o trabalha mais naquele local dever\u00e1 providenciar uma declara\u00e7\u00e3o da empresa sobre a baixa ou ainda dar baixa na carteira, caso contr\u00e1rio ser\u00e1 solicitado os holerites ou os demais documentos que comprovem a renda. Caso tenha perdido a carteira de trabalho, trazer o boletim de ocorr\u00eancia e em caso de ter feito recentemente e a carteira de trabalho n\u00e3o ter sido ainda emitida, entregar c\u00f3pia do protocolo. Para maiores de 18 anos que n\u00e3o tenham a carteira, apresentar Extrato de V\u00ednculos e Contribui\u00e7\u00f5es Trabalhistas, o qual pode ser obtido em ag\u00eancias do INSS, Minist\u00e9rio do Trabalho ou no site (<a href=\\\"https:\/\/servicos.mte.gov.br\/#\/loginfailed\/redirect=trabalhador.carteira\\\">https:\/\/servicos.mte.gov.br\/#\/loginfailed\/redirect=trabalhador.carteira<\/a><b>)<\/b><\/p>\n<p align=\\\"JUSTIFY\\\"><u><b>OBS:<\/b><\/u> A Comiss\u00e3o T\u00e9cnica e Fiscalizadora, salvo em caso de d\u00favida, pode solicitar quaisquer outros documentos que eventualmente julgar necess\u00e1rio para a comprova\u00e7\u00e3o das informa\u00e7\u00f5es prestadas pelo estudante, referentes a este ou aos membros de seu grupo familiar.<\/p>\n<p align=\\\"JUSTIFY\\\"><b>IMPORTANTE: O preenchimento do Cadastro n\u00e3o garante o benef\u00edcio da bolsa, o qual poder\u00e1 somente ser concedido ao estudante que cumpra os crit\u00e9rios legais, de acordo com a classifica\u00e7\u00e3o pelo IC, nos termos da legisla\u00e7\u00e3o vigente e na disponibilidade de recursos financeiros.<\/b><\/p>\n<p align=\\\"JUSTIFY\\\"><b>D\u00daVIDAS?<\/b><\/p>\n<ul>\n<li>\n<p align=\\\"JUSTIFY\\\"><b>Quem se formou e recebia Bolsa de Estudo do Art.170\/CE precisa incluir o documento de comprova\u00e7\u00e3o das horas em Projetos Sociais no sistema UNIEDU?<\/b><\/p>\n<p align=\\\"JUSTIFY\\\">&#8211; Sim. Para cumprir com as exig\u00eancias da bolsa recebida no semestre passado, o estudante que se formou dever\u00e1 acessar o sistema, informar a conclus\u00e3o do curso e inserir o documento solicitado.<\/p>\n<\/li>\n<li>\n<p align=\\\"JUSTIFY\\\"><b>Quem se formou e recebia Bolsa de Pesquisa do Art.170\/CE e Bolsa de Pesquisa e Extens\u00e3o do Art.171\/CE precisa incluir o documento de comprova\u00e7\u00e3o das atividades da pesquisa realizada no sistema UNIEDU? <\/b><\/p>\n<p align=\\\"JUSTIFY\\\">&#8211; Sim. Para cumprir com as exig\u00eancias da bolsa recebida no semestre passado, o estudante que se formou dever\u00e1 acessar o sistema, informar a conclus\u00e3o do curso e inserir o documento solicitado <\/p>\n<\/li>\n<\/ul>\n<p style=\\\"margin-bottom: 0cm;\\\" align=\\\"JUSTIFY\\\">\u00a0<\/p>\n<p>ACESSE O NOSSO\u00a0EDITAL:<\/p>\n<h1><em><a href=\\\"https:\/\/www.fucap.edu.br\/wp\/wp-content\/uploads\/2022\/01\/editaluniedu2022.pdf\\\"><img src=\\\"\/\/www.fucap.edu.br\/portal\/template\/projeto2016\/images\/upload.png\\\" alt=\\\"Download\\\" width=\\\"46\\\" height=\\\"32\\\" \/><\/a> <strong>Edital 2022\/1<\/strong><\/em><\/h1>\n<ul>\n<li style=\\\"list-style-type: none;\\\">\n<ul>\n<li><strong>Modelo de Declara\u00e7\u00f5es<\/strong>\u00a0<strong>conforme a sua necessidade<\/strong>:\n<ul>\n<li style=\\\"list-style-type: none;\\\">\n<ul>\n<li><em><a href=\\\"\/\/www.fucap.edu.br\/portal\/inc_arq_artigo170\/declaracaoautonomorendainformal.pdf\\\" target=\\\"_blank\\\" rel=\\\"noopener\\\">Declara\u00e7\u00e3o de renda de profissional Aut\u00f4nomo<\/a><\/em><\/li>\n<\/ul>\n<\/li>\n<\/ul>\n<ul>\n<li style=\\\"list-style-type: none;\\\">\n<ul>\n<li><em><a href=\\\"\/\/www.fucap.edu.br\/portal\/inc_arq_artigo170\/declaracaodebenspatrimonio.pdf\\\" target=\\\"_blank\\\" rel=\\\"noopener\\\">Declara\u00e7\u00e3o de Bens\/Patrim\u00f4nio<\/a><\/em><\/li>\n<\/ul>\n<\/li>\n<\/ul>\n<ul>\n<li style=\\\"list-style-type: none;\\\">\n<ul>\n<li><a href=\\\"\/\/www.fucap.edu.br\/portal\/inc_arq_artigo170\/declaracaodeimovelcedido.pdf\\\" target=\\\"_blank\\\" rel=\\\"noopener\\\"><em>Declara\u00e7\u00e3o de im\u00f3vel cedido<\/em><\/a><\/li>\n<\/ul>\n<\/li>\n<\/ul>\n<ul>\n<li style=\\\"list-style-type: none;\\\">\n<ul>\n<li><em><a href=\\\"\/\/www.fucap.edu.br\/portal\/inc_arq_artigo170\/declaracaopagamentopenssaoalimenticia.pdf\\\" target=\\\"_blank\\\" rel=\\\"noopener\\\">Declara\u00e7\u00e3o pagamento de pens\u00e3o aliment\u00edcia<\/a><\/em><\/li>\n<\/ul>\n<\/li>\n<\/ul>\n<ul>\n<li style=\\\"list-style-type: none;\\\">\n<ul>\n<li><em><a href=\\\"\/\/www.fucap.edu.br\/portal\/inc_arq_artigo170\/declaracaouniaoestavel.pdf\\\" target=\\\"_blank\\\" rel=\\\"noopener\\\">Declara\u00e7\u00e3o de uni\u00e3o est\u00e1vel<\/a><\/em><\/li>\n<\/ul>\n<\/li>\n<\/ul>\n<\/li>\n<\/ul>\n<\/li>\n<\/ul>\n<ul>\n<li style=\\\"list-style-type: none;\\\">\n<ul>\n<li><strong>Relat\u00f3rio para Bolsas de Pesquisa<\/strong>\n<ul>\n<li style=\\\"list-style-type: none;\\\">\n<ul>\n<li><a href=\\\"\/\/www.fucap.edu.br\/portal\/inc_arq_artigo170\/modelo_projeto_art170.pdf\\\" target=\\\"_parent\\\" rel=\\\"noopener\\\">Modelo e Estrutura de um Pr\u00e9-projeto de pesquisa<\/a><\/li>\n<\/ul>\n<\/li>\n<\/ul>\n<\/li>\n<\/ul>\n<\/li>\n<\/ul>\n<ul>\n<li><strong>Listas de Classificados<\/strong>\n<ul>\n<li style=\\\"list-style-type: none;\\\">\n<ul>\n<li><em><a href=\\\"https:\/\/www.fucap.edu.br\/arquivos_fies\/listaUniedu202101.pdf\\\" target=\\\"_blank\\\" rel=\\\"noopener\\\"><img src=\\\"\/\/www.fucap.edu.br\/portal\/template\/projeto2016\/images\/upload.png\\\" alt=\\\"Download\\\" width=\\\"46\\\" height=\\\"32\\\" \/><\/a> Lista de Aprovados 2021-01<\/em><\/li>\n<\/ul>\n<\/li>\n<\/ul>\n<\/li>\n<\/ul>\n<p>Siga a Fucap nas redes sociais:<\/p>\n<p>\t\t\t\t\t<a href=\\\"\/\/www.facebook.com\/fucap\/?epa=SEARCH_BOX\\\" target=\\\"_blank\\\" rel=\\\"noopener\\\"><br \/>\n\t\t\t\t\t\tFacebook<br \/>\n\t\t\t\t\t\t\t\t\t\t\t<\/a><br \/>\n\t\t\t\t\t<a href=\\\"\/\/twitter.com\/fucap_edu\\\" target=\\\"_blank\\\" rel=\\\"noopener\\\"><br \/>\n\t\t\t\t\t\tTwitter<br \/>\n\t\t\t\t\t\t\t\t\t\t\t<\/a><br \/>\n\t\t\t\t\t<a href=\\\"\/\/www.youtube.com\/channel\/UCz81EoOg0XR4RafpD_sfE3A\\\" target=\\\"_blank\\\" rel=\\\"noopener\\\"><br \/>\n\t\t\t\t\t\tYoutube<br \/>\n\t\t\t\t\t\t\t\t\t\t\t<\/a><br \/>\n\t\t\t\t\t<a href=\\\"\/\/www.instagram.com\/fucap_univinte\/\\\" target=\\\"_blank\\\" rel=\\\"noopener\\\"><br \/>\n\t\t\t\t\t\tInstagram<br \/>\n\t\t\t\t\t\t\t\t\t\t\t<\/a><br \/>\n\t\t\t\t\t<a href=\\\"\/\/br.linkedin.com\/in\/faculdade-fucap-362825109\\\" target=\\\"_blank\\\" rel=\\\"noopener\\\"><br \/>\n\t\t\t\t\t\tLinkedin<br \/>\n\t\t\t\t\t\t\t\t\t\t\t<\/a><\/p>\n<p>Centro Universit\u00e1rio Univinte<br \/>Central de Atendimento: (48) 3623-6000 | Endere\u00e7o: Av. Na\u00e7\u00f5es Unidas, 500 &#8211; Centro<br \/>&nbsp; &nbsp; CEP 88745-000 &#8211; Capivari de Baixo &#8211; SC&nbsp; &nbsp;Brasil<\/p>\n<p>\t\t\t\t\t\t\t\t\t\t\t\t\t<a href=\\\"\/\/www.fucap.edu.br\/wp\/\\\"><br \/>\n\t\t\t\t\t\t\t<img width=\\\"768\\\" height=\\\"175\\\" src=\\\"https:\/\/www.fucap.edu.br\/wp\/wp-content\/uploads\/2022\/01\/cropped-Nova-LOGO-768x175.png\\\" alt=\\\"\\\" loading=\\\"lazy\\\" srcset=\\\"https:\/\/i0.wp.com\/www.fucap.edu.br\/wp\/wp-content\/uploads\/2022\/01\/cropped-Nova-LOGO.png?resize=768%2C175&amp;ssl=1 768w, https:\/\/i0.wp.com\/www.fucap.edu.br\/wp\/wp-content\/uploads\/2022\/01\/cropped-Nova-LOGO.png?resize=300%2C68&amp;ssl=1 300w, https:\/\/i0.wp.com\/www.fucap.edu.br\/wp\/wp-content\/uploads\/2022\/01\/cropped-Nova-LOGO.png?resize=1024%2C234&amp;ssl=1 1024w, https:\/\/i0.wp.com\/www.fucap.edu.br\/wp\/wp-content\/uploads\/2022\/01\/cropped-Nova-LOGO.png?resize=1536%2C350&amp;ssl=1 1536w, https:\/\/i0.wp.com\/www.fucap.edu.br\/wp\/wp-content\/uploads\/2022\/01\/cropped-Nova-LOGO.png?w=2048&amp;ssl=1 2048w\\\" sizes=\\\"(max-width: 768px) 100vw, 768px\\\" \/>\t\t\t\t\t\t\t\t<\/a><br \/>\n\t\t\u00a9 2019 Faculdades Fucap. Todos os direitos reservados. Desenvolvido por Rafael Frasson e <a style=\\\"color: #ffffff;\\\" href=\\\"\/\/www.creativeindesign.com.br\\\" target=\\\"_blank\\\" rel=\\\"noopener\\\">CreativeDesign<\/a><\/p>\n","protected":false},"excerpt":{"rendered":"<p>UNIEDU &#8211; Programa de Bolsas Universit\u00e1rias de Santa Catarina O Governo do Estado de Santa Catarina, decreta e sanciona as\u00a0Leis Complementares n\u00ba 281\/2005, n\u00ba296\/2005 e n\u00ba420\/2008\u00a0que regulamenta o\u00a0ARTIGO170. Cria-se ent\u00e3o, o Programa de Bolsas Universit\u00e1rias de Santa Catarina &#8211;\u00a0UNIEDU, um programa executado pela Secretaria da Educa\u00e7\u00e3o, que agrega todos os programas de atendimento aos estudantes [&hellip;]<\/p>\n","protected":false},"author":1,"featured_media":0,"parent":0,"menu_order":0,"comment_status":"closed","ping_status":"closed","template":"","meta":{"site-sidebar-layout":"default","site-content-layout":"","ast-site-content-layout":"default","site-content-style":"default","site-sidebar-style":"default","ast-global-header-display":"","ast-banner-title-visibility":"","ast-main-header-display":"","ast-hfb-above-header-display":"","ast-hfb-below-header-display":"","ast-hfb-mobile-header-display":"","site-post-title":"","ast-breadcrumbs-content":"","ast-featured-img":"","footer-sml-layout":"","ast-disable-related-posts":"","theme-transparent-header-meta":"","adv-header-id-meta":"","stick-header-meta":"","header-above-stick-meta":"","header-main-stick-meta":"","header-below-stick-meta":"","astra-migrate-meta-layouts":"default","ast-page-background-enabled":"default","ast-page-background-meta":{"desktop":{"background-color":"var(--ast-global-color-4)","background-image":"","background-repeat":"repeat","background-position":"center center","background-size":"auto","background-attachment":"scroll","background-type":"","background-media":"","overlay-type":"","overlay-color":"","overlay-opacity":"","overlay-gradient":""},"tablet":{"background-color":"","background-image":"","background-repeat":"repeat","background-position":"center center","background-size":"auto","background-attachment":"scroll","background-type":"","background-media":"","overlay-type":"","overlay-color":"","overlay-opacity":"","overlay-gradient":""},"mobile":{"background-color":"","background-image":"","background-repeat":"repeat","background-position":"center center","background-size":"auto","background-attachment":"scroll","background-type":"","background-media":"","overlay-type":"","overlay-color":"","overlay-opacity":"","overlay-gradient":""}},"ast-content-background-meta":{"desktop":{"background-color":"var(--ast-global-color-5)","background-image":"","background-repeat":"repeat","background-position":"center center","background-size":"auto","background-attachment":"scroll","background-type":"","background-media":"","overlay-type":"","overlay-color":"","overlay-opacity":"","overlay-gradient":""},"tablet":{"background-color":"var(--ast-global-color-5)","background-image":"","background-repeat":"repeat","background-position":"center center","background-size":"auto","background-attachment":"scroll","background-type":"","background-media":"","overlay-type":"","overlay-color":"","overlay-opacity":"","overlay-gradient":""},"mobile":{"background-color":"var(--ast-global-color-5)","background-image":"","background-repeat":"repeat","background-position":"center center","background-size":"auto","background-attachment":"scroll","background-type":"","background-media":"","overlay-type":"","overlay-color":"","overlay-opacity":"","overlay-gradient":""}},"ngg_post_thumbnail":0,"footnotes":""},"class_list":["post-2299","page","type-page","status-publish","hentry"],"rttpg_featured_image_url":null,"rttpg_author":{"display_name":"contato","author_link":"https:\/\/univinte.edu.br\/portal\/author\/contato\/"},"rttpg_comment":0,"rttpg_category":null,"rttpg_excerpt":"UNIEDU &#8211; Programa de Bolsas Universit\u00e1rias de Santa Catarina O Governo do Estado de Santa Catarina, decreta e sanciona as\u00a0Leis Complementares n\u00ba 281\/2005, n\u00ba296\/2005 e n\u00ba420\/2008\u00a0que regulamenta o\u00a0ARTIGO170. Cria-se ent\u00e3o, o Programa de Bolsas Universit\u00e1rias de Santa Catarina &#8211;\u00a0UNIEDU, um programa executado pela Secretaria da Educa\u00e7\u00e3o, que agrega todos os programas de atendimento aos estudantes&hellip;","_links":{"self":[{"href":"https:\/\/univinte.edu.br\/portal\/wp-json\/wp\/v2\/pages\/2299","targetHints":{"allow":["GET"]}}],"collection":[{"href":"https:\/\/univinte.edu.br\/portal\/wp-json\/wp\/v2\/pages"}],"about":[{"href":"https:\/\/univinte.edu.br\/portal\/wp-json\/wp\/v2\/types\/page"}],"author":[{"embeddable":true,"href":"https:\/\/univinte.edu.br\/portal\/wp-json\/wp\/v2\/users\/1"}],"replies":[{"embeddable":true,"href":"https:\/\/univinte.edu.br\/portal\/wp-json\/wp\/v2\/comments?post=2299"}],"version-history":[{"count":0,"href":"https:\/\/univinte.edu.br\/portal\/wp-json\/wp\/v2\/pages\/2299\/revisions"}],"wp:attachment":[{"href":"https:\/\/univinte.edu.br\/portal\/wp-json\/wp\/v2\/media?parent=2299"}],"curies":[{"name":"wp","href":"https:\/\/api.w.org\/{rel}","templated":true}]}}