{"id":7162,"date":"2022-07-12T14:03:53","date_gmt":"2022-07-12T17:03:53","guid":{"rendered":"http:\/\/univinte.edu.br\/portal\/?page_id=7162"},"modified":"2025-04-04T15:35:17","modified_gmt":"2025-04-04T18:35:17","slug":"farmacia","status":"publish","type":"page","link":"https:\/\/univinte.edu.br\/portal\/farmacia\/","title":{"rendered":"Farm\u00e1cia"},"content":{"rendered":"\t\t<div data-elementor-type=\"wp-page\" data-elementor-id=\"7162\" class=\"elementor elementor-7162\">\n\t\t\t\t\t\t<section class=\"elementor-section elementor-top-section elementor-element elementor-element-25b5531 elementor-section-boxed elementor-section-height-default elementor-section-height-default\" data-id=\"25b5531\" data-element_type=\"section\" data-e-type=\"section\" data-settings=\"{&quot;background_background&quot;:&quot;slideshow&quot;,&quot;background_slideshow_gallery&quot;:[{&quot;id&quot;:14961,&quot;url&quot;:&quot;http:\\\/\\\/univinte.edu.br\\\/portal\\\/wp-content\\\/uploads\\\/2025\\\/03\\\/Farmacia.png&quot;}],&quot;background_slideshow_loop&quot;:&quot;yes&quot;,&quot;background_slideshow_slide_duration&quot;:5000,&quot;background_slideshow_slide_transition&quot;:&quot;fade&quot;,&quot;background_slideshow_transition_duration&quot;:500}\">\n\t\t\t\t\t\t<div class=\"elementor-container elementor-column-gap-custom\">\n\t\t\t\t\t<div class=\"elementor-column elementor-col-100 elementor-top-column elementor-element elementor-element-6062f3f\" data-id=\"6062f3f\" data-element_type=\"column\" data-e-type=\"column\">\n\t\t\t<div class=\"elementor-widget-wrap elementor-element-populated\">\n\t\t\t\t\t\t<div class=\"elementor-element elementor-element-ee2c6c9 elementor-widget elementor-widget-heading\" data-id=\"ee2c6c9\" data-element_type=\"widget\" data-e-type=\"widget\" data-widget_type=\"heading.default\">\n\t\t\t\t<div class=\"elementor-widget-container\">\n\t\t\t\t\t<h2 class=\"elementor-heading-title elementor-size-default\">Gradua\u00e7\u00e3o<\/h2>\t\t\t\t<\/div>\n\t\t\t\t<\/div>\n\t\t\t\t<div class=\"elementor-element elementor-element-e6b5c6d elementor-widget elementor-widget-heading\" data-id=\"e6b5c6d\" data-element_type=\"widget\" data-e-type=\"widget\" data-widget_type=\"heading.default\">\n\t\t\t\t<div class=\"elementor-widget-container\">\n\t\t\t\t\t<h2 class=\"elementor-heading-title elementor-size-default\">Farm\u00e1cia<\/h2>\t\t\t\t<\/div>\n\t\t\t\t<\/div>\n\t\t\t\t<div class=\"elementor-element elementor-element-b03e4c4 elementor-widget__width-initial elementor-widget elementor-widget-text-editor\" data-id=\"b03e4c4\" data-element_type=\"widget\" data-e-type=\"widget\" data-widget_type=\"text-editor.default\">\n\t\t\t\t<div class=\"elementor-widget-container\">\n\t\t\t\t\t\t\t\t\t<p>O curso de Farm\u00e1cia do Univinte tem como objetivo formar profissionais farmac\u00eauticos com forma\u00e7\u00e3o generalista, humanista, anal\u00edtica e reflexiva, capacitados nas \u00e1reas de f\u00e1rmacos, medicamentos, an\u00e1lises cl\u00ednicas, toxicol\u00f3gicas e alimentos, contribuindo para a promo\u00e7\u00e3o, prote\u00e7\u00e3o e recupera\u00e7\u00e3o da sa\u00fade individual e coletiva. Essa forma\u00e7\u00e3o est\u00e1 alinhada ao perfil do egresso, \u00e0 estrutura curricular, ao contexto educacional, \u00e0s caracter\u00edsticas locais e regionais e \u00e0s novas pr\u00e1ticas emergentes no campo da Farm\u00e1cia.<\/p>\t\t\t\t\t\t\t\t<\/div>\n\t\t\t\t<\/div>\n\t\t\t\t<div class=\"elementor-element elementor-element-26b71de elementor-widget elementor-widget-spacer\" data-id=\"26b71de\" data-element_type=\"widget\" data-e-type=\"widget\" data-widget_type=\"spacer.default\">\n\t\t\t\t<div class=\"elementor-widget-container\">\n\t\t\t\t\t\t\t<div class=\"elementor-spacer\">\n\t\t\t<div class=\"elementor-spacer-inner\"><\/div>\n\t\t<\/div>\n\t\t\t\t\t\t<\/div>\n\t\t\t\t<\/div>\n\t\t\t\t<div class=\"elementor-element elementor-element-ea492c9 elementor-widget__width-initial elementor-widget elementor-widget-image\" data-id=\"ea492c9\" data-element_type=\"widget\" data-e-type=\"widget\" data-widget_type=\"image.default\">\n\t\t\t\t<div class=\"elementor-widget-container\">\n\t\t\t\t\t\t\t\t\t\t\t\t\t\t\t<img decoding=\"async\" width=\"497\" height=\"87\" src=\"https:\/\/univinte.edu.br\/portal\/wp-content\/uploads\/2025\/03\/CIMA-PAGINA-SITE-POS-670-x-400-mm-19.png\" class=\"attachment-large size-large wp-image-14963\" alt=\"\" srcset=\"https:\/\/univinte.edu.br\/portal\/wp-content\/uploads\/2025\/03\/CIMA-PAGINA-SITE-POS-670-x-400-mm-19.png 497w, https:\/\/univinte.edu.br\/portal\/wp-content\/uploads\/2025\/03\/CIMA-PAGINA-SITE-POS-670-x-400-mm-19-300x53.png 300w\" sizes=\"(max-width: 497px) 100vw, 497px\" \/>\t\t\t\t\t\t\t\t\t\t\t\t\t\t\t<\/div>\n\t\t\t\t<\/div>\n\t\t\t\t<div class=\"elementor-element elementor-element-4cb8409 elementor-widget elementor-widget-button\" data-id=\"4cb8409\" data-element_type=\"widget\" data-e-type=\"widget\" data-widget_type=\"button.default\">\n\t\t\t\t<div class=\"elementor-widget-container\">\n\t\t\t\t\t\t\t\t\t<div class=\"elementor-button-wrapper\">\n\t\t\t\t\t<a class=\"elementor-button elementor-button-link elementor-size-sm\" href=\"https:\/\/seletivo.univinte.edu.br\/\">\n\t\t\t\t\t\t<span class=\"elementor-button-content-wrapper\">\n\t\t\t\t\t\t\t\t\t<span class=\"elementor-button-text\">TENHO INTERESSE<\/span>\n\t\t\t\t\t<\/span>\n\t\t\t\t\t<\/a>\n\t\t\t\t<\/div>\n\t\t\t\t\t\t\t\t<\/div>\n\t\t\t\t<\/div>\n\t\t\t\t\t<\/div>\n\t\t<\/div>\n\t\t\t\t\t<\/div>\n\t\t<\/section>\n\t\t\t\t<section class=\"elementor-section elementor-top-section elementor-element elementor-element-596767d elementor-section-full_width elementor-section-height-min-height elementor-section-height-default elementor-section-items-middle\" data-id=\"596767d\" data-element_type=\"section\" data-e-type=\"section\">\n\t\t\t\t\t\t<div class=\"elementor-container elementor-column-gap-default\">\n\t\t\t\t\t<div class=\"elementor-column elementor-col-50 elementor-top-column elementor-element elementor-element-b0fa650\" data-id=\"b0fa650\" data-element_type=\"column\" data-e-type=\"column\" data-settings=\"{&quot;background_background&quot;:&quot;classic&quot;}\">\n\t\t\t<div class=\"elementor-widget-wrap elementor-element-populated\">\n\t\t\t\t\t\t<div class=\"elementor-element elementor-element-15b5790 elementor-widget elementor-widget-text-editor\" data-id=\"15b5790\" data-element_type=\"widget\" data-e-type=\"widget\" data-widget_type=\"text-editor.default\">\n\t\t\t\t<div class=\"elementor-widget-container\">\n\t\t\t\t\t\t\t\t\t<h3><strong style=\"color: var(--ast-global-color-2); font-size: 1.66667rem; font-style: inherit; font-family: var( --e-global-typography-text-font-family ), Sans-serif;\">Objetivos do Curso<\/strong><\/h3>\n<p>O curso de Farm\u00e1cia do Univinte tem como objetivo formar profissionais farmac\u00eauticos com forma\u00e7\u00e3o generalista, humanista, anal\u00edtica e reflexiva, capacitados nas \u00e1reas de f\u00e1rmacos, medicamentos, an\u00e1lises cl\u00ednicas, toxicol\u00f3gicas e alimentos, contribuindo para a promo\u00e7\u00e3o, prote\u00e7\u00e3o e recupera\u00e7\u00e3o da sa\u00fade individual e coletiva. Essa forma\u00e7\u00e3o est\u00e1 alinhada ao perfil do egresso, \u00e0 estrutura curricular, ao contexto educacional, \u00e0s caracter\u00edsticas locais e regionais e \u00e0s novas pr\u00e1ticas emergentes no campo da Farm\u00e1cia.<\/p>\n<h3><strong>Perfil do Egresso<\/strong><\/h3>\n<p>O perfil do Egresso do Curso de Farm\u00e1cia da Fucap, foi concebido de acordo com a DCN do curso, e com as demandas locais e regionais, sendo que este ser\u00e1 constantemente reavaliado para atender as novas pr\u00e1ticas da \u00e1rea e do mercado de trabalho, atrav\u00e9s de levantamentos realizados pelo NDE ou da proposi\u00e7\u00e3o dos docentes do curso, o que acarretar\u00e1 na inclus\u00e3o de novas compet\u00eancias ou habilidades que atendam tais demandas.<\/p>\n<p>O Curso de gradua\u00e7\u00e3o em Farm\u00e1cia da Fucap tem como perfil do formando egresso\/profissional o Farmac\u00eautico, com forma\u00e7\u00e3o generalista, humanista, cr\u00edtica e reflexiva, para atuar em todos os n\u00edveis de aten\u00e7\u00e3o \u00e0 sa\u00fade, com base no rigor cient\u00edfico e intelectual. Capacitado ao exerc\u00edcio de atividades referentes aos f\u00e1rmacos e aos medicamentos, \u00e0s an\u00e1lises cl\u00ednicas e toxicol\u00f3gicas e ao controle, produ\u00e7\u00e3o e an\u00e1lise de alimentos, pautado em princ\u00edpios \u00e9ticos e na compreens\u00e3o da realidade social, cultural e econ\u00f4mica do seu meio, dirigindo sua atua\u00e7\u00e3o para a transforma\u00e7\u00e3o da realidade em benef\u00edcio da sociedade.<\/p>\n<p>O farmac\u00eautico dever\u00e1 ser um profissional com conhecimentos cient\u00edficos, capacita\u00e7\u00e3o t\u00e9cnica e habilidades para defini\u00e7\u00e3o, promo\u00e7\u00e3o e aplica\u00e7\u00e3o de pol\u00edticas de sa\u00fade, participa\u00e7\u00e3o no avan\u00e7o da ci\u00eancia e tecnologia, atua\u00e7\u00e3o em equipes multidisciplinares, em todos os n\u00edveis de aten\u00e7\u00e3o \u00e0 sa\u00fade.<\/p>\n<h3><strong>Campo de atua\u00e7\u00e3o do profissional<\/strong><\/h3>\n<p>\u00c1reas de atua\u00e7\u00e3o do farmac\u00eautico: Ind\u00fastrias de medicamentos, cosm\u00e9ticas, de alimentos (controle de qualidade e produ\u00e7\u00e3o), farm\u00e1cia cl\u00ednica, an\u00e1lises cl\u00ednicas e toxicol\u00f3gicas, farm\u00e1cias p\u00fablicas e privadas, de manipula\u00e7\u00e3o, de homeopatia, hospitais, setor p\u00fablico, em distribuidoras de medicamentos e insumos, em \u00f3rg\u00e3os de regulamenta\u00e7\u00e3o e fiscaliza\u00e7\u00e3o ou, ainda, nas \u00e1reas de pesquisa e ensino.<\/p>\n<h3><strong>Coordenador<\/strong><\/h3>\n<p><b>Prof. Daniel Medeiros De Luca<\/b><\/p>\n<p>Especialista em Farm\u00e1cia e em Educa\u00e7\u00e3o \u00e0 Dist\u00e2ncia: Gest\u00e3o e Tutoria pela UNIASSELVI, gradua\u00e7\u00e3o em Farm\u00e1cia Bioqu\u00edmica pela Universidade Federal de Santa Catarina. P\u00f3s-graduando em Tecnologias Digitais Aplicadas \u00e0 Educa\u00e7\u00e3o pela Uniasselvi.&nbsp; P\u00f3s-graduado em Farm\u00e1cia Cl\u00ednca e Prescri\u00e7\u00e3o Farmac\u00eautica, pela Faculdade L\u00edbano. Respons\u00e1vel t\u00e9cnico &#8211; Farm\u00e1cias De Luca. Tem experi\u00eancia na \u00e1rea de Farm\u00e1cia, com \u00eanfase em Farm\u00e1cia cl\u00ednica, assist\u00eancia e aten\u00e7\u00e3o farmac\u00eauticas.Entusiasta de farm\u00e1cia cl\u00ednica e assist\u00eancia farmac\u00eautica, estuda atualmente sobre o assunto nos institutos ClinicarX, al\u00e9m de ter atuado como palestrante motivacional e de resolu\u00e7\u00e3o de conflitos por 15 anos. Escreveu duas obras: &#8220;Ancorando em meio \u00e0s Tempestades&#8221; (2012) e &#8220;De Hoje em Diante&#8221;(2017) pela Editora Oxig\u00eanio.<\/p>&nbsp;\t\t\t\t\t\t\t\t<\/div>\n\t\t\t\t<\/div>\n\t\t\t\t\t<\/div>\n\t\t<\/div>\n\t\t\t\t<div class=\"elementor-column elementor-col-50 elementor-top-column elementor-element elementor-element-2d2fcce\" data-id=\"2d2fcce\" data-element_type=\"column\" data-e-type=\"column\">\n\t\t\t<div class=\"elementor-widget-wrap elementor-element-populated\">\n\t\t\t\t\t\t<div class=\"elementor-element elementor-element-5095c2c elementor-widget-divider--view-line elementor-widget elementor-widget-divider\" data-id=\"5095c2c\" data-element_type=\"widget\" data-e-type=\"widget\" data-widget_type=\"divider.default\">\n\t\t\t\t<div class=\"elementor-widget-container\">\n\t\t\t\t\t\t\t<div class=\"elementor-divider\">\n\t\t\t<span class=\"elementor-divider-separator\">\n\t\t\t\t\t\t<\/span>\n\t\t<\/div>\n\t\t\t\t\t\t<\/div>\n\t\t\t\t<\/div>\n\t\t\t\t<section class=\"elementor-section elementor-inner-section elementor-element elementor-element-bbd1fdd elementor-section-boxed elementor-section-height-default elementor-section-height-default\" data-id=\"bbd1fdd\" data-element_type=\"section\" data-e-type=\"section\">\n\t\t\t\t\t\t<div class=\"elementor-container elementor-column-gap-default\">\n\t\t\t\t\t<div class=\"elementor-column elementor-col-100 elementor-inner-column elementor-element elementor-element-01903c3\" data-id=\"01903c3\" data-element_type=\"column\" data-e-type=\"column\">\n\t\t\t<div class=\"elementor-widget-wrap elementor-element-populated\">\n\t\t\t\t\t\t<div class=\"elementor-element elementor-element-39453e7 elementor-widget elementor-widget-image\" data-id=\"39453e7\" data-element_type=\"widget\" data-e-type=\"widget\" data-widget_type=\"image.default\">\n\t\t\t\t<div class=\"elementor-widget-container\">\n\t\t\t\t\t\t\t\t\t\t\t\t\t\t\t<img fetchpriority=\"high\" decoding=\"async\" width=\"768\" height=\"622\" src=\"https:\/\/univinte.edu.br\/portal\/wp-content\/uploads\/2024\/08\/Educacao-Fisica-768x622.png\" class=\"attachment-medium_large size-medium_large wp-image-13834\" alt=\"\" srcset=\"https:\/\/univinte.edu.br\/portal\/wp-content\/uploads\/2024\/08\/Educacao-Fisica-768x622.png 768w, https:\/\/univinte.edu.br\/portal\/wp-content\/uploads\/2024\/08\/Educacao-Fisica-300x243.png 300w, https:\/\/univinte.edu.br\/portal\/wp-content\/uploads\/2024\/08\/Educacao-Fisica-1024x829.png 1024w, https:\/\/univinte.edu.br\/portal\/wp-content\/uploads\/2024\/08\/Educacao-Fisica-1536x1243.png 1536w, https:\/\/univinte.edu.br\/portal\/wp-content\/uploads\/2024\/08\/Educacao-Fisica.png 2000w\" sizes=\"(max-width: 768px) 100vw, 768px\" \/>\t\t\t\t\t\t\t\t\t\t\t\t\t\t\t<\/div>\n\t\t\t\t<\/div>\n\t\t\t\t\t<\/div>\n\t\t<\/div>\n\t\t\t\t\t<\/div>\n\t\t<\/section>\n\t\t\t\t\t<\/div>\n\t\t<\/div>\n\t\t\t\t\t<\/div>\n\t\t<\/section>\n\t\t\t\t<section class=\"elementor-section elementor-top-section elementor-element elementor-element-7c462d9 elementor-section-boxed elementor-section-height-default elementor-section-height-default\" data-id=\"7c462d9\" data-element_type=\"section\" data-e-type=\"section\">\n\t\t\t\t\t\t<div class=\"elementor-container elementor-column-gap-default\">\n\t\t\t\t\t<div class=\"elementor-column elementor-col-100 elementor-top-column elementor-element elementor-element-a3b43dd\" data-id=\"a3b43dd\" data-element_type=\"column\" data-e-type=\"column\">\n\t\t\t<div class=\"elementor-widget-wrap elementor-element-populated\">\n\t\t\t\t\t\t<div class=\"elementor-element elementor-element-555a8e7 elementor-align-center elementor-widget elementor-widget-button\" data-id=\"555a8e7\" data-element_type=\"widget\" data-e-type=\"widget\" data-widget_type=\"button.default\">\n\t\t\t\t<div class=\"elementor-widget-container\">\n\t\t\t\t\t\t\t\t\t<div class=\"elementor-button-wrapper\">\n\t\t\t\t\t<a class=\"elementor-button elementor-button-link elementor-size-sm\" href=\"https:\/\/univinte.edu.br\/portal\/wp-content\/uploads\/2024\/06\/Curso-780-Grade-2-780-Farmacia-presencial.pdf\">\n\t\t\t\t\t\t<span class=\"elementor-button-content-wrapper\">\n\t\t\t\t\t\t\t\t\t<span class=\"elementor-button-text\">Matriz Curricular<\/span>\n\t\t\t\t\t<\/span>\n\t\t\t\t\t<\/a>\n\t\t\t\t<\/div>\n\t\t\t\t\t\t\t\t<\/div>\n\t\t\t\t<\/div>\n\t\t\t\t\t<\/div>\n\t\t<\/div>\n\t\t\t\t\t<\/div>\n\t\t<\/section>\n\t\t\t\t<section class=\"elementor-section elementor-top-section elementor-element elementor-element-ac8b934 elementor-section-boxed elementor-section-height-default elementor-section-height-default\" data-id=\"ac8b934\" data-element_type=\"section\" data-e-type=\"section\" data-settings=\"{&quot;background_background&quot;:&quot;classic&quot;}\">\n\t\t\t\t\t\t<div class=\"elementor-container elementor-column-gap-default\">\n\t\t\t\t\t<div class=\"elementor-column elementor-col-100 elementor-top-column elementor-element elementor-element-7607c00\" data-id=\"7607c00\" data-element_type=\"column\" data-e-type=\"column\">\n\t\t\t<div class=\"elementor-widget-wrap elementor-element-populated\">\n\t\t\t\t\t\t<div class=\"elementor-element elementor-element-6a46785 elementor-widget elementor-widget-heading\" data-id=\"6a46785\" data-element_type=\"widget\" data-e-type=\"widget\" data-widget_type=\"heading.default\">\n\t\t\t\t<div class=\"elementor-widget-container\">\n\t\t\t\t\t<h2 class=\"elementor-heading-title elementor-size-default\">Informa\u00e7\u00f5es do Curso e Coordena\u00e7\u00e3o<\/h2>\t\t\t\t<\/div>\n\t\t\t\t<\/div>\n\t\t\t\t<div class=\"elementor-element elementor-element-b5a9b59 elementor-widget elementor-widget-image\" data-id=\"b5a9b59\" data-element_type=\"widget\" data-e-type=\"widget\" data-widget_type=\"image.default\">\n\t\t\t\t<div class=\"elementor-widget-container\">\n\t\t\t\t\t\t\t\t\t\t\t\t\t\t\t<img decoding=\"async\" width=\"1024\" height=\"165\" src=\"https:\/\/univinte.edu.br\/portal\/wp-content\/uploads\/2025\/03\/CIMA-PAGINA-SITE-POS-670-x-400-mm-20-1024x165.png\" class=\"attachment-large size-large wp-image-14964\" alt=\"\" srcset=\"https:\/\/univinte.edu.br\/portal\/wp-content\/uploads\/2025\/03\/CIMA-PAGINA-SITE-POS-670-x-400-mm-20-1024x165.png 1024w, https:\/\/univinte.edu.br\/portal\/wp-content\/uploads\/2025\/03\/CIMA-PAGINA-SITE-POS-670-x-400-mm-20-300x48.png 300w, https:\/\/univinte.edu.br\/portal\/wp-content\/uploads\/2025\/03\/CIMA-PAGINA-SITE-POS-670-x-400-mm-20-768x123.png 768w, https:\/\/univinte.edu.br\/portal\/wp-content\/uploads\/2025\/03\/CIMA-PAGINA-SITE-POS-670-x-400-mm-20.png 1338w\" sizes=\"(max-width: 1024px) 100vw, 1024px\" \/>\t\t\t\t\t\t\t\t\t\t\t\t\t\t\t<\/div>\n\t\t\t\t<\/div>\n\t\t\t\t\t<\/div>\n\t\t<\/div>\n\t\t\t\t\t<\/div>\n\t\t<\/section>\n\t\t\t\t<section class=\"elementor-section elementor-top-section elementor-element elementor-element-2983ed0 elementor-section-boxed elementor-section-height-default elementor-section-height-default\" data-id=\"2983ed0\" data-element_type=\"section\" data-e-type=\"section\">\n\t\t\t\t\t\t<div class=\"elementor-container elementor-column-gap-default\">\n\t\t\t\t\t<div class=\"elementor-column elementor-col-100 elementor-top-column elementor-element elementor-element-dde0fff\" data-id=\"dde0fff\" data-element_type=\"column\" data-e-type=\"column\">\n\t\t\t<div class=\"elementor-widget-wrap elementor-element-populated\">\n\t\t\t\t\t\t<div class=\"elementor-element elementor-element-a42a390 elementor-widget elementor-widget-heading\" data-id=\"a42a390\" data-element_type=\"widget\" data-e-type=\"widget\" data-widget_type=\"heading.default\">\n\t\t\t\t<div class=\"elementor-widget-container\">\n\t\t\t\t\t<h2 class=\"elementor-heading-title elementor-size-default\">Investimento:<\/h2>\t\t\t\t<\/div>\n\t\t\t\t<\/div>\n\t\t\t\t<div class=\"elementor-element elementor-element-a8dc267 elementor-widget elementor-widget-text-editor\" data-id=\"a8dc267\" data-element_type=\"widget\" data-e-type=\"widget\" data-widget_type=\"text-editor.default\">\n\t\t\t\t<div class=\"elementor-widget-container\">\n\t\t\t\t\t\t\t\t\t<p>Valores V\u00e1lidos para 2025<\/p>\t\t\t\t\t\t\t\t<\/div>\n\t\t\t\t<\/div>\n\t\t\t\t<div class=\"elementor-element elementor-element-75d00c1 elementor-widget elementor-widget-text-editor\" data-id=\"75d00c1\" data-element_type=\"widget\" data-e-type=\"widget\" data-widget_type=\"text-editor.default\">\n\t\t\t\t<div class=\"elementor-widget-container\">\n\t\t\t\t\t\t\t\t\t<p>R$1108,65*<\/p>\t\t\t\t\t\t\t\t<\/div>\n\t\t\t\t<\/div>\n\t\t\t\t<div class=\"elementor-element elementor-element-5f5b9a7 elementor-widget elementor-widget-text-editor\" data-id=\"5f5b9a7\" data-element_type=\"widget\" data-e-type=\"widget\" data-widget_type=\"text-editor.default\">\n\t\t\t\t<div class=\"elementor-widget-container\">\n\t\t\t\t\t\t\t\t\t<p>\u00a0<\/p><p>* Incluso descontos de 10% de pagamento em dia + 10 de associativo (caso tenha). Para novas matr\u00edculas at\u00e9 Outubro de 2025.<\/p><div>\u00a0<\/div><div>\u00a0<\/div>\t\t\t\t\t\t\t\t<\/div>\n\t\t\t\t<\/div>\n\t\t\t\t\t<\/div>\n\t\t<\/div>\n\t\t\t\t\t<\/div>\n\t\t<\/section>\n\t\t\t\t<section class=\"elementor-section elementor-top-section elementor-element elementor-element-c573eaa elementor-section-boxed elementor-section-height-default elementor-section-height-default\" data-id=\"c573eaa\" data-element_type=\"section\" data-e-type=\"section\" data-settings=\"{&quot;background_background&quot;:&quot;classic&quot;}\">\n\t\t\t\t\t\t<div class=\"elementor-container elementor-column-gap-default\">\n\t\t\t\t\t<div class=\"elementor-column elementor-col-100 elementor-top-column elementor-element elementor-element-6e1461c\" data-id=\"6e1461c\" data-element_type=\"column\" data-e-type=\"column\">\n\t\t\t<div class=\"elementor-widget-wrap elementor-element-populated\">\n\t\t\t\t\t\t<div class=\"elementor-element elementor-element-7ffe633 elementor-widget elementor-widget-heading\" data-id=\"7ffe633\" data-element_type=\"widget\" data-e-type=\"widget\" data-widget_type=\"heading.default\">\n\t\t\t\t<div class=\"elementor-widget-container\">\n\t\t\t\t\t<h2 class=\"elementor-heading-title elementor-size-default\">Formas de Ingresso e Documentos para Matr\u00edcula<\/h2>\t\t\t\t<\/div>\n\t\t\t\t<\/div>\n\t\t\t\t<div class=\"elementor-element elementor-element-5ee87c7 elementor-widget elementor-widget-image\" data-id=\"5ee87c7\" data-element_type=\"widget\" data-e-type=\"widget\" data-widget_type=\"image.default\">\n\t\t\t\t<div class=\"elementor-widget-container\">\n\t\t\t\t\t\t\t\t\t\t\t\t\t\t\t<img loading=\"lazy\" decoding=\"async\" width=\"1024\" height=\"266\" src=\"https:\/\/univinte.edu.br\/portal\/wp-content\/uploads\/2025\/03\/CIMA-PAGINA-SITE-POS-670-x-400-mm-3-1024x266.webp\" class=\"attachment-large size-large wp-image-14912\" alt=\"\" srcset=\"https:\/\/univinte.edu.br\/portal\/wp-content\/uploads\/2025\/03\/CIMA-PAGINA-SITE-POS-670-x-400-mm-3-1024x266.webp 1024w, https:\/\/univinte.edu.br\/portal\/wp-content\/uploads\/2025\/03\/CIMA-PAGINA-SITE-POS-670-x-400-mm-3-300x78.webp 300w, https:\/\/univinte.edu.br\/portal\/wp-content\/uploads\/2025\/03\/CIMA-PAGINA-SITE-POS-670-x-400-mm-3-768x200.webp 768w, https:\/\/univinte.edu.br\/portal\/wp-content\/uploads\/2025\/03\/CIMA-PAGINA-SITE-POS-670-x-400-mm-3-1536x399.webp 1536w, https:\/\/univinte.edu.br\/portal\/wp-content\/uploads\/2025\/03\/CIMA-PAGINA-SITE-POS-670-x-400-mm-3.webp 1874w\" sizes=\"(max-width: 1024px) 100vw, 1024px\" \/>\t\t\t\t\t\t\t\t\t\t\t\t\t\t\t<\/div>\n\t\t\t\t<\/div>\n\t\t\t\t\t<\/div>\n\t\t<\/div>\n\t\t\t\t\t<\/div>\n\t\t<\/section>\n\t\t\t\t<\/div>\n\t\t","protected":false},"excerpt":{"rendered":"<p>Gradua\u00e7\u00e3o Farm\u00e1cia O curso de Farm\u00e1cia do Univinte tem como objetivo formar profissionais farmac\u00eauticos com forma\u00e7\u00e3o generalista, humanista, anal\u00edtica e reflexiva, capacitados nas \u00e1reas de f\u00e1rmacos, medicamentos, an\u00e1lises cl\u00ednicas, toxicol\u00f3gicas e alimentos, contribuindo para a promo\u00e7\u00e3o, prote\u00e7\u00e3o e recupera\u00e7\u00e3o da sa\u00fade individual e coletiva. Essa forma\u00e7\u00e3o est\u00e1 alinhada ao perfil do egresso, \u00e0 estrutura curricular, [&hellip;]<\/p>\n","protected":false},"author":1,"featured_media":0,"parent":0,"menu_order":0,"comment_status":"closed","ping_status":"closed","template":"","meta":{"site-sidebar-layout":"no-sidebar","site-content-layout":"page-builder","ast-site-content-layout":"default","site-content-style":"default","site-sidebar-style":"default","ast-global-header-display":"","ast-banner-title-visibility":"","ast-main-header-display":"","ast-hfb-above-header-display":"","ast-hfb-below-header-display":"","ast-hfb-mobile-header-display":"","site-post-title":"disabled","ast-breadcrumbs-content":"","ast-featured-img":"disabled","footer-sml-layout":"","ast-disable-related-posts":"","theme-transparent-header-meta":"","adv-header-id-meta":"","stick-header-meta":"","header-above-stick-meta":"","header-main-stick-meta":"","header-below-stick-meta":"","astra-migrate-meta-layouts":"default","ast-page-background-enabled":"default","ast-page-background-meta":{"desktop":{"background-color":"var(--ast-global-color-4)","background-image":"","background-repeat":"repeat","background-position":"center center","background-size":"auto","background-attachment":"scroll","background-type":"","background-media":"","overlay-type":"","overlay-color":"","overlay-opacity":"","overlay-gradient":""},"tablet":{"background-color":"","background-image":"","background-repeat":"repeat","background-position":"center center","background-size":"auto","background-attachment":"scroll","background-type":"","background-media":"","overlay-type":"","overlay-color":"","overlay-opacity":"","overlay-gradient":""},"mobile":{"background-color":"","background-image":"","background-repeat":"repeat","background-position":"center center","background-size":"auto","background-attachment":"scroll","background-type":"","background-media":"","overlay-type":"","overlay-color":"","overlay-opacity":"","overlay-gradient":""}},"ast-content-background-meta":{"desktop":{"background-color":"var(--ast-global-color-5)","background-image":"","background-repeat":"repeat","background-position":"center center","background-size":"auto","background-attachment":"scroll","background-type":"","background-media":"","overlay-type":"","overlay-color":"","overlay-opacity":"","overlay-gradient":""},"tablet":{"background-color":"var(--ast-global-color-5)","background-image":"","background-repeat":"repeat","background-position":"center center","background-size":"auto","background-attachment":"scroll","background-type":"","background-media":"","overlay-type":"","overlay-color":"","overlay-opacity":"","overlay-gradient":""},"mobile":{"background-color":"var(--ast-global-color-5)","background-image":"","background-repeat":"repeat","background-position":"center center","background-size":"auto","background-attachment":"scroll","background-type":"","background-media":"","overlay-type":"","overlay-color":"","overlay-opacity":"","overlay-gradient":""}},"ngg_post_thumbnail":0,"footnotes":""},"class_list":["post-7162","page","type-page","status-publish","hentry"],"rttpg_featured_image_url":null,"rttpg_author":{"display_name":"contato","author_link":"https:\/\/univinte.edu.br\/portal\/author\/contato\/"},"rttpg_comment":0,"rttpg_category":null,"rttpg_excerpt":"Gradua\u00e7\u00e3o Farm\u00e1cia O curso de Farm\u00e1cia do Univinte tem como objetivo formar profissionais farmac\u00eauticos com forma\u00e7\u00e3o generalista, humanista, anal\u00edtica e reflexiva, capacitados nas \u00e1reas de f\u00e1rmacos, medicamentos, an\u00e1lises cl\u00ednicas, toxicol\u00f3gicas e alimentos, contribuindo para a promo\u00e7\u00e3o, prote\u00e7\u00e3o e recupera\u00e7\u00e3o da sa\u00fade individual e coletiva. Essa forma\u00e7\u00e3o est\u00e1 alinhada ao perfil do egresso, \u00e0 estrutura curricular,&hellip;","_links":{"self":[{"href":"https:\/\/univinte.edu.br\/portal\/wp-json\/wp\/v2\/pages\/7162","targetHints":{"allow":["GET"]}}],"collection":[{"href":"https:\/\/univinte.edu.br\/portal\/wp-json\/wp\/v2\/pages"}],"about":[{"href":"https:\/\/univinte.edu.br\/portal\/wp-json\/wp\/v2\/types\/page"}],"author":[{"embeddable":true,"href":"https:\/\/univinte.edu.br\/portal\/wp-json\/wp\/v2\/users\/1"}],"replies":[{"embeddable":true,"href":"https:\/\/univinte.edu.br\/portal\/wp-json\/wp\/v2\/comments?post=7162"}],"version-history":[{"count":79,"href":"https:\/\/univinte.edu.br\/portal\/wp-json\/wp\/v2\/pages\/7162\/revisions"}],"predecessor-version":[{"id":15258,"href":"https:\/\/univinte.edu.br\/portal\/wp-json\/wp\/v2\/pages\/7162\/revisions\/15258"}],"wp:attachment":[{"href":"https:\/\/univinte.edu.br\/portal\/wp-json\/wp\/v2\/media?parent=7162"}],"curies":[{"name":"wp","href":"https:\/\/api.w.org\/{rel}","templated":true}]}}